{"id":100,"date":"2018-02-23T10:14:33","date_gmt":"2018-02-23T09:14:33","guid":{"rendered":"http:\/\/www.tiveriaparis.com\/site\/?page_id=100"},"modified":"2024-05-06T17:32:33","modified_gmt":"2024-05-06T15:32:33","slug":"organisation-seminaires-congres-salons-galas","status":"publish","type":"page","link":"https:\/\/www.invictus-event.com\/site\/organisation-seminaires-congres-salons-galas\/","title":{"rendered":"S\u00e9minaires, Congr\u00e8s, Soir\u00e9es de Gala"},"content":{"rendered":"<div class=\"wpb-content-wrapper\"><p>[vc_row full_width=\u00a0\u00bbstretch_row_content_no_spaces\u00a0\u00bb css_animation=\u00a0\u00bbfadeIn\u00a0\u00bb bg_type=\u00a0\u00bbbg_color\u00a0\u00bb bg_override=\u00a0\u00bbfull\u00a0\u00bb css=\u00a0\u00bb.vc_custom_1714247798945{margin-top: 0px !important;margin-right: 0px !important;margin-bottom: 0px !important;margin-left: 0px !important;border-top-width: 0px !important;border-right-width: 0px !important;border-bottom-width: 0px !important;border-left-width: 0px !important;padding-top: 0px !important;padding-right: 0px !important;padding-bottom: 0px !important;padding-left: 0px !important;}\u00a0\u00bb bg_color_value=\u00a0\u00bb#ffffff\u00a0\u00bb][vc_column css=\u00a0\u00bb.vc_custom_1714227125209{margin: 0px !important;padding: 0px !important;background-position: 0 0 !important;background-repeat: repeat !important;border: 0px initial !important;}\u00a0\u00bb][vc_single_image image=\u00a0\u00bb1060&Prime; img_size=\u00a0\u00bbfull\u00a0\u00bb alignment=\u00a0\u00bbcenter\u00a0\u00bb css=\u00a0\u00bb.vc_custom_1714667300631{margin-top: 0px !important;margin-right: 0px !important;margin-bottom: 0px !important;margin-left: 0px !important;border-top-width: 0px !important;border-right-width: 0px !important;border-bottom-width: 0px !important;border-left-width: 0px !important;padding-top: 0px !important;padding-right: 0px !important;padding-bottom: 0px !important;padding-left: 0px !important;}\u00a0\u00bb][\/vc_column][\/vc_row][vc_row full_width=\u00a0\u00bbstretch_row_content_no_spaces\u00a0\u00bb content_placement=\u00a0\u00bbmiddle\u00a0\u00bb css_animation=\u00a0\u00bbfadeIn\u00a0\u00bb bg_type=\u00a0\u00bbimage\u00a0\u00bb parallax_style=\u00a0\u00bbvcpb-default\u00a0\u00bb bg_image_new=\u00a0\u00bbid^1247|url^https:\/\/www.invictus-event.com\/site\/wp-content\/uploads\/2019\/02\/back-seminaire-gala.jpg|caption^null|alt^null|title^back-seminaire-gala|description^null\u00a0\u00bb css=\u00a0\u00bb.vc_custom_1714227608142{margin-top: 0px !important;margin-right: 0px !important;margin-bottom: 0px !important;margin-left: 0px !important;border-top-width: 0px !important;border-right-width: 0px !important;border-bottom-width: 0px !important;border-left-width: 0px !important;padding-top: 0px !important;padding-right: 0px !important;padding-bottom: 0px !important;padding-left: 0px !important;}\u00a0\u00bb][vc_column width=\u00a0\u00bb1\/6&Prime; css=\u00a0\u00bb.vc_custom_1714227293656{margin: 0px !important;padding: 0px !important;background-position: 0 0 !important;background-repeat: repeat !important;border: 0px initial !important;}\u00a0\u00bb][\/vc_column][vc_column width=\u00a0\u00bb2\/3&Prime; css=\u00a0\u00bb.vc_custom_1714227471757{margin-top: 0px !important;margin-right: 0px !important;margin-bottom: 0px !important;margin-left: 0px !important;padding-top: 30px !important;padding-right: 0px !important;padding-bottom: 30px !important;padding-left: 0px !important;}\u00a0\u00bb][vc_custom_heading text=\u00a0\u00bbOrganisation de S\u00e9minaires, Congr\u00e8s, Salons, Soir\u00e9es de Gala\u00a0\u00bb font_container=\u00a0\u00bbtag:h2|font_size:30|text_align:center|color:%23ffffff\u00a0\u00bb use_theme_fonts=\u00a0\u00bbyes\u00a0\u00bb css_animation=\u00a0\u00bbfadeIn\u00a0\u00bb css=\u00a0\u00bb.vc_custom_1714227427252{margin-top: 0px !important;margin-right: 0px !important;margin-bottom: 0px !important;margin-left: 0px !important;padding-top: 0px !important;padding-right: 0px !important;padding-bottom: 0px !important;padding-left: 0px !important;background-position: 0 0 !important;background-repeat: repeat !important;}\u00a0\u00bb][\/vc_column][vc_column width=\u00a0\u00bb1\/6&Prime; css=\u00a0\u00bb.vc_custom_1714227303827{margin: 0px !important;padding: 0px !important;background-position: 0 0 !important;background-repeat: repeat !important;border: 0px initial !important;}\u00a0\u00bb][\/vc_column][\/vc_row][vc_row css_animation=\u00a0\u00bbfadeIn\u00a0\u00bb bg_type=\u00a0\u00bbbg_color\u00a0\u00bb bg_override=\u00a0\u00bbfull\u00a0\u00bb css=\u00a0\u00bb.vc_custom_1549300964776{margin-top: 0px !important;margin-right: 0px !important;margin-bottom: 0px !important;margin-left: 0px !important;border-top-width: 0px !important;border-right-width: 0px !important;border-bottom-width: 0px !important;border-left-width: 0px !important;padding-top: 0px !important;padding-right: 0px !important;padding-bottom: 0px !important;padding-left: 0px !important;}\u00a0\u00bb bg_color_value=\u00a0\u00bb#efefef\u00a0\u00bb][vc_column width=\u00a0\u00bb1\/6&Prime;][\/vc_column][vc_column css_animation=\u00a0\u00bbbottom-to-top\u00a0\u00bb width=\u00a0\u00bb2\/3&Prime;][vc_column_text css=\u00a0\u00bb\u00a0\u00bb]<\/p>\n<p style=\"text-align: justify;\"><strong>Notre agence \u00e9v\u00e9nementielle se charge de s\u00e9lectionner les prestations et les lieux les plus adapt\u00e9s \u00e0 vos besoins et \u00e0 votre budget gr\u00e2ce \u00e0 un vrai partenariat avec les r\u00e9seaux d&rsquo;h\u00f4teliers et de restaurateurs. La r\u00e9ussite de votre \u00e9v\u00e9nement sera garantie gr\u00e2ce \u00e0 nos prestataires techniques (son, \u00e9clairage, vid\u00e9o-projection, traduction simultan\u00e9e, sc\u00e9nographie, d\u00e9coration).<\/strong><\/p>\n<p>[\/vc_column_text][\/vc_column][vc_column width=\u00a0\u00bb1\/6&Prime; css=\u00a0\u00bb.vc_custom_1549271147106{margin: 0px !important;border-width: 0px !important;padding: 0px !important;}\u00a0\u00bb][\/vc_column][\/vc_row][vc_row gap=\u00a0\u00bb35&Prime; equal_height=\u00a0\u00bbyes\u00a0\u00bb content_placement=\u00a0\u00bbmiddle\u00a0\u00bb css_animation=\u00a0\u00bbfadeIn\u00a0\u00bb css=\u00a0\u00bb.vc_custom_1714581957621{margin-top: 0px !important;margin-right: 0px !important;margin-bottom: 0px !important;margin-left: 0px !important;border-top-width: 0px !important;border-right-width: 0px !important;border-bottom-width: 0px !important;border-left-width: 0px !important;padding-top: 0px !important;padding-right: 0px !important;padding-bottom: 0px !important;padding-left: 0px !important;}\u00a0\u00bb][vc_column css_animation=\u00a0\u00bbfadeIn\u00a0\u00bb width=\u00a0\u00bb1\/2&Prime;][vc_custom_heading text=\u00a0\u00bbLancement de Produits et Inaugurations\u00a0\u00bb font_container=\u00a0\u00bbtag:h2|font_size:29|text_align:left|color:%23333333&Prime; use_theme_fonts=\u00a0\u00bbyes\u00a0\u00bb css_animation=\u00a0\u00bbnone\u00a0\u00bb css=\u00a0\u00bb.vc_custom_1714247054382{padding-bottom: 20px !important;}\u00a0\u00bb][vc_separator color=\u00a0\u00bbsandy_brown\u00a0\u00bb align=\u00a0\u00bbalign_left\u00a0\u00bb border_width=\u00a0\u00bb2&Prime; el_width=\u00a0\u00bb20&Prime; css=\u00a0\u00bb\u00a0\u00bb][vc_column_text]<\/p>\n<p style=\"text-align: justify;\">Nous vous proposons et g\u00e9rons les solutions pour animer et g\u00e9n\u00e9rer du trafic sur vos points de vente. Nous vous aiderons \u00e0 v\u00e9hiculer une image cr\u00e9ative, dynamique, et originale de votre soci\u00e9t\u00e9, aupr\u00e8s de vos clients potentiels. Nous mettons \u00e0 votre disposition des h\u00f4tesses d&rsquo;accueil, des grooms, des distributions de ballons, de prospectus, de petits d\u00e9jeuners, de fleurs, des animations musicales, la d\u00e9coration du lieu&#8230;<\/p>\n<p>[\/vc_column_text][vc_empty_space height=\u00a0\u00bb10px\u00a0\u00bb][vc_custom_heading text=\u00a0\u00bbS\u00e9minaires et Congr\u00e8s\u00a0\u00bb font_container=\u00a0\u00bbtag:h2|font_size:30|text_align:left|color:%23000000&Prime; use_theme_fonts=\u00a0\u00bbyes\u00a0\u00bb css_animation=\u00a0\u00bbnone\u00a0\u00bb css=\u00a0\u00bb.vc_custom_1714247048214{padding-bottom: 20px !important;}\u00a0\u00bb][vc_separator color=\u00a0\u00bbsandy_brown\u00a0\u00bb align=\u00a0\u00bbalign_left\u00a0\u00bb border_width=\u00a0\u00bb2&Prime; el_width=\u00a0\u00bb20&Prime; css=\u00a0\u00bb\u00a0\u00bb][vc_column_text]<\/p>\n<p style=\"text-align: justify;\">Pour vous permettre d&rsquo;organiser au mieux votre temps de travail lors de vos s\u00e9minaires ou congr\u00e8s, Invictus Corporate Events se charge de trouver le lieu id\u00e9al pour r\u00e9pondre \u00e0 vos besoins. Quelques exemple de lieux : Les espaces du Palais des congr\u00e8s de Paris mais aussi les salons de la Maison des Arts et M\u00e9tiers, l\u2019auditorium de la Maison de la Mutualit\u00e9&#8230;<\/p>\n<p>[\/vc_column_text][\/vc_column][vc_column css_animation=\u00a0\u00bbnone\u00a0\u00bb width=\u00a0\u00bb1\/2&Prime;][vc_single_image image=\u00a0\u00bb2556&Prime; img_size=\u00a0\u00bbfull\u00a0\u00bb alignment=\u00a0\u00bbcenter\u00a0\u00bb style=\u00a0\u00bbvc_box_shadow_3d\u00a0\u00bb css_animation=\u00a0\u00bbnone\u00a0\u00bb css=\u00a0\u00bb\u00a0\u00bb][\/vc_column][\/vc_row][vc_row gap=\u00a0\u00bb35&Prime; equal_height=\u00a0\u00bbyes\u00a0\u00bb content_placement=\u00a0\u00bbmiddle\u00a0\u00bb css_animation=\u00a0\u00bbfadeIn\u00a0\u00bb css=\u00a0\u00bb.vc_custom_1714581833721{margin-top: 0px !important;margin-right: 0px !important;margin-bottom: 0px !important;margin-left: 0px !important;border-top-width: 0px !important;border-right-width: 0px !important;border-bottom-width: 0px !important;border-left-width: 0px !important;padding-top: 0px !important;padding-right: 0px !important;padding-bottom: 0px !important;padding-left: 0px !important;}\u00a0\u00bb][vc_column css_animation=\u00a0\u00bbnone\u00a0\u00bb width=\u00a0\u00bb1\/2&Prime;][vc_single_image image=\u00a0\u00bb478&Prime; img_size=\u00a0\u00bbfull\u00a0\u00bb alignment=\u00a0\u00bbcenter\u00a0\u00bb style=\u00a0\u00bbvc_box_shadow_3d\u00a0\u00bb css_animation=\u00a0\u00bbnone\u00a0\u00bb css=\u00a0\u00bb\u00a0\u00bb][\/vc_column][vc_column css_animation=\u00a0\u00bbfadeIn\u00a0\u00bb width=\u00a0\u00bb1\/2&Prime;][vc_custom_heading text=\u00a0\u00bbSoir\u00e9e de Gala\u00a0\u00bb font_container=\u00a0\u00bbtag:h2|font_size:30|text_align:left|color:%23000000&Prime; use_theme_fonts=\u00a0\u00bbyes\u00a0\u00bb css_animation=\u00a0\u00bbnone\u00a0\u00bb css=\u00a0\u00bb.vc_custom_1714247065243{padding-bottom: 20px !important;}\u00a0\u00bb][vc_separator color=\u00a0\u00bbsandy_brown\u00a0\u00bb align=\u00a0\u00bbalign_left\u00a0\u00bb border_width=\u00a0\u00bb2&Prime; el_width=\u00a0\u00bb20&Prime; css=\u00a0\u00bb\u00a0\u00bb][vc_column_text]<\/p>\n<p style=\"text-align: justify;\">Nous nous focalisons sur l&rsquo;originalit\u00e9 du lieu, la cr\u00e9ativit\u00e9 du th\u00e8me, le choix des repas et des prestations festives pour contribuer \u00e0 la pleine r\u00e9ussite de votre soir\u00e9e. Nous vous proposerons les meilleurs traiteurs, les plus grandes animations (orchestre cubain, salsa&#8230;, DJ, close up, caricaturistes, chanteurs, danseurs, artistes connus). Nous g\u00e9rons tout de A \u00e0 Z, de l&rsquo;orchestration des shows, la sonorisation, l&rsquo;\u00e9clairage, la vid\u00e9o, la d\u00e9coration, les effets sp\u00e9ciaux jusqu&rsquo;au recrutement d&rsquo;h\u00f4tesses, de grooms, de services de s\u00e9curit\u00e9.<\/p>\n<p>[\/vc_column_text][\/vc_column][\/vc_row][vc_row gap=\u00a0\u00bb35&Prime; equal_height=\u00a0\u00bbyes\u00a0\u00bb content_placement=\u00a0\u00bbmiddle\u00a0\u00bb css_animation=\u00a0\u00bbfadeIn\u00a0\u00bb css=\u00a0\u00bb.vc_custom_1714581944592{margin-top: 0px !important;margin-right: 0px !important;margin-bottom: 0px !important;margin-left: 0px !important;border-top-width: 0px !important;border-right-width: 0px !important;border-bottom-width: 0px !important;border-left-width: 0px !important;padding-top: 0px !important;padding-right: 0px !important;padding-bottom: 0px !important;padding-left: 0px !important;}\u00a0\u00bb][vc_column css_animation=\u00a0\u00bbfadeIn\u00a0\u00bb width=\u00a0\u00bb1\/2&Prime;][vc_custom_heading text=\u00a0\u00bbPackage RP ou forfaits\u00a0\u00bb font_container=\u00a0\u00bbtag:h2|font_size:30|text_align:left|color:%23000000&Prime; use_theme_fonts=\u00a0\u00bbyes\u00a0\u00bb css_animation=\u00a0\u00bbnone\u00a0\u00bb css=\u00a0\u00bb.vc_custom_1714247108159{padding-bottom: 20px !important;}\u00a0\u00bb][vc_separator color=\u00a0\u00bbsandy_brown\u00a0\u00bb align=\u00a0\u00bbalign_left\u00a0\u00bb border_width=\u00a0\u00bb2&Prime; el_width=\u00a0\u00bb20&Prime; css=\u00a0\u00bb\u00a0\u00bb][vc_column_text]<\/p>\n<p style=\"text-align: justify;\">Nous mettons \u00e0 votre disposition des produits \u201ccl\u00e9 en main\u201d, des packages ou des forfaits sur les plus grands \u00e9v\u00e8nements de votre r\u00e9gion afin de vous proposer diff\u00e9rentes solutions aux meilleures tarifs.<\/p>\n<p>[\/vc_column_text][vc_empty_space height=\u00a0\u00bb10px\u00a0\u00bb][vc_custom_heading text=\u00a0\u00bbA la carte\u00a0\u00bb font_container=\u00a0\u00bbtag:h2|font_size:30|text_align:left|color:%23000000&Prime; use_theme_fonts=\u00a0\u00bbyes\u00a0\u00bb css_animation=\u00a0\u00bbnone\u00a0\u00bb css=\u00a0\u00bb.vc_custom_1714247102777{padding-bottom: 20px !important;}\u00a0\u00bb][vc_separator color=\u00a0\u00bbsandy_brown\u00a0\u00bb align=\u00a0\u00bbalign_left\u00a0\u00bb border_width=\u00a0\u00bb2&Prime; el_width=\u00a0\u00bb20&Prime; css=\u00a0\u00bb\u00a0\u00bb][vc_column_text]<\/p>\n<p style=\"text-align: justify;\">Nos chefs de projets vous proposent des projets de qualit\u00e9s exceptionnelles qui r\u00e9pondent fid\u00e8lement et pr\u00e9cis\u00e9ment \u00e0 vos besoins.<\/p>\n<p style=\"text-align: justify;\">Nous apportons notre expertise des lieux et des prestataires que nous avons minutieusement s\u00e9lectionn\u00e9 au pr\u00e9alable afin que vous obteniez l\u2019\u00e9v\u00e8nement id\u00e9al. Nous vous apportons aussi nos meilleurs conseils pour r\u00e9pondre \u00e0 votre cahier des charges en consid\u00e9rant l\u2019aspect budg\u00e9taire de chaque dossier. Et c\u2019est l\u00e0 aussi que notre agence fait la diff\u00e9rence, gr\u00e2ce \u00e0 sa politique de transparence, faisant b\u00e9n\u00e9ficier nos clients des tarifs n\u00e9goci\u00e9s aupr\u00e8s de nos partenaires.<\/p>\n<p>[\/vc_column_text][\/vc_column][vc_column css_animation=\u00a0\u00bbnone\u00a0\u00bb width=\u00a0\u00bb1\/2&Prime;][vc_single_image image=\u00a0\u00bb516&Prime; img_size=\u00a0\u00bbfull\u00a0\u00bb alignment=\u00a0\u00bbcenter\u00a0\u00bb style=\u00a0\u00bbvc_box_shadow_3d\u00a0\u00bb][\/vc_column][\/vc_row][vc_row gap=\u00a0\u00bb35&Prime; equal_height=\u00a0\u00bbyes\u00a0\u00bb content_placement=\u00a0\u00bbmiddle\u00a0\u00bb css_animation=\u00a0\u00bbfadeIn\u00a0\u00bb css=\u00a0\u00bb.vc_custom_1714581950961{margin-top: 0px !important;margin-right: 0px !important;margin-bottom: 0px !important;margin-left: 0px !important;border-top-width: 0px !important;border-right-width: 0px !important;border-bottom-width: 0px !important;border-left-width: 0px !important;padding-top: 0px !important;padding-right: 0px !important;padding-bottom: 0px !important;padding-left: 0px !important;}\u00a0\u00bb][vc_column css_animation=\u00a0\u00bbnone\u00a0\u00bb width=\u00a0\u00bb1\/2&Prime;][vc_single_image image=\u00a0\u00bb1812&Prime; img_size=\u00a0\u00bbfull\u00a0\u00bb alignment=\u00a0\u00bbcenter\u00a0\u00bb style=\u00a0\u00bbvc_box_shadow_3d\u00a0\u00bb css_animation=\u00a0\u00bbnone\u00a0\u00bb][\/vc_column][vc_column css_animation=\u00a0\u00bbfadeIn\u00a0\u00bb width=\u00a0\u00bb1\/2&Prime;][vc_custom_heading text=\u00a0\u00bbS\u00e9minaire en ligne\u00a0\u00bb font_container=\u00a0\u00bbtag:h2|font_size:30|text_align:left|color:%23000000&Prime; use_theme_fonts=\u00a0\u00bbyes\u00a0\u00bb css_animation=\u00a0\u00bbnone\u00a0\u00bb css=\u00a0\u00bb.vc_custom_1714247124326{padding-bottom: 20px !important;}\u00a0\u00bb][vc_separator color=\u00a0\u00bbsandy_brown\u00a0\u00bb align=\u00a0\u00bbalign_left\u00a0\u00bb border_width=\u00a0\u00bb2&Prime; el_width=\u00a0\u00bb20&Prime; css=\u00a0\u00bb\u00a0\u00bb][vc_column_text]<\/p>\n<p style=\"text-align: justify;\">Dans un monde en perp\u00e9tuel mouvement et afin de r\u00e9unir vos collaborateurs sans qu\u2019ils se d\u00e9placent, nous vous proposons plusieurs studios au c\u0153ur de Paris (Studio Dauphine, Bo\u00e9tie, terminal 7\u2026). Enregistrez ou organisez votre conf\u00e9rence en direct avec une technologie et sc\u00e9nographie de grande qualit\u00e9. Une \u00e9quipe \u00e0 votre \u00e9coute pour faire de cette r\u00e9union un moment de partage dynamique m\u00eame \u00e0 distance avec des partenaires qualifi\u00e9s.<\/p>\n<p>[\/vc_column_text][\/vc_column][\/vc_row]<\/p>\n<\/div>","protected":false},"excerpt":{"rendered":"<p>[vc_row full_width=\u00a0\u00bbstretch_row_content_no_spaces\u00a0\u00bb css_animation=\u00a0\u00bbfadeIn\u00a0\u00bb bg_type=\u00a0\u00bbbg_color\u00a0\u00bb bg_override=\u00a0\u00bbfull\u00a0\u00bb css=\u00a0\u00bb.vc_custom_1714247798945{margin-top: 0px !important;margin-right: 0px !important;margin-bottom: 0px !important;margin-left: 0px !important;border-top-width: 0px !important;border-right-width: 0px !important;border-bottom-width: 0px !important;border-left-width: 0px !important;padding-top: 0px !important;padding-right: 0px !important;padding-bottom: 0px !important;padding-left: 0px !important;}\u00a0\u00bb bg_color_value=\u00a0\u00bb#ffffff\u00a0\u00bb][vc_column css=\u00a0\u00bb.vc_custom_1714227125209{margin: 0px !important;padding: 0px !important;background-position: 0 0 !important;background-repeat: repeat !important;border: 0px initial !important;}\u00a0\u00bb][vc_single_image image=\u00a0\u00bb1060&Prime; img_size=\u00a0\u00bbfull\u00a0\u00bb alignment=\u00a0\u00bbcenter\u00a0\u00bb css=\u00a0\u00bb.vc_custom_1714667300631{margin-top: 0px !important;margin-right: 0px !important;margin-bottom: 0px !important;margin-left: 0px&hellip;<\/p>\n","protected":false},"author":1,"featured_media":0,"parent":0,"menu_order":0,"comment_status":"closed","ping_status":"closed","template":"","meta":{"footnotes":""},"class_list":["post-100","page","type-page","status-publish","hentry","description-off"],"yoast_head":"<!-- This site is optimized with the Yoast SEO plugin v27.5 - https:\/\/yoast.com\/product\/yoast-seo-wordpress\/ -->\n<title>Organisation S\u00e9minaires Paris, Congr\u00e8s, Soir\u00e9es de Gala, Salons<\/title>\n<meta name=\"description\" content=\"Pour vos \u00e9v\u00e9nements d\u2019entreprises, s\u00e9minaires, congr\u00e8s, lancements de produits, inaugurations, soir\u00e9es de gala, Invictus Corporate Events vous propose des prestations \u00e0 la carte, un vrai service \u201ccl\u00e9 en main\u201d, quel qu\u2019en soit le lieu, ou l\u2019objet.\" \/>\n<meta name=\"robots\" content=\"index, follow, max-snippet:-1, max-image-preview:large, max-video-preview:-1\" \/>\n<link rel=\"canonical\" href=\"https:\/\/www.invictus-event.com\/site\/organisation-seminaires-congres-salons-galas\/\" \/>\n<meta property=\"og:locale\" content=\"fr_FR\" \/>\n<meta property=\"og:type\" content=\"article\" \/>\n<meta property=\"og:title\" content=\"Organisation S\u00e9minaires Paris, Congr\u00e8s, Soir\u00e9es de Gala, Salons\" \/>\n<meta property=\"og:description\" content=\"Pour vos \u00e9v\u00e9nements d\u2019entreprises, s\u00e9minaires, congr\u00e8s, lancements de produits, inaugurations, soir\u00e9es de gala, Invictus Corporate Events vous propose des prestations \u00e0 la carte, un vrai service \u201ccl\u00e9 en main\u201d, quel qu\u2019en soit le lieu, ou l\u2019objet.\" \/>\n<meta property=\"og:url\" content=\"https:\/\/www.invictus-event.com\/site\/organisation-seminaires-congres-salons-galas\/\" \/>\n<meta property=\"og:site_name\" content=\"Invictus Corporate Events - Agence \u00e9v\u00e9nementielle \u00e0 Paris\" \/>\n<meta property=\"article:modified_time\" content=\"2024-05-06T15:32:33+00:00\" \/>\n<meta name=\"twitter:card\" content=\"summary_large_image\" \/>\n<meta name=\"twitter:label1\" content=\"Dur\u00e9e de lecture estim\u00e9e\" \/>\n\t<meta name=\"twitter:data1\" content=\"6 minutes\" \/>\n<script type=\"application\/ld+json\" class=\"yoast-schema-graph\">{\"@context\":\"https:\\\/\\\/schema.org\",\"@graph\":[{\"@type\":\"WebPage\",\"@id\":\"https:\\\/\\\/www.invictus-event.com\\\/site\\\/organisation-seminaires-congres-salons-galas\\\/\",\"url\":\"https:\\\/\\\/www.invictus-event.com\\\/site\\\/organisation-seminaires-congres-salons-galas\\\/\",\"name\":\"Organisation S\u00e9minaires Paris, Congr\u00e8s, Soir\u00e9es de Gala, Salons\",\"isPartOf\":{\"@id\":\"https:\\\/\\\/www.invictus-event.com\\\/site\\\/#website\"},\"datePublished\":\"2018-02-23T09:14:33+00:00\",\"dateModified\":\"2024-05-06T15:32:33+00:00\",\"description\":\"Pour vos \u00e9v\u00e9nements d\u2019entreprises, s\u00e9minaires, congr\u00e8s, lancements de produits, inaugurations, soir\u00e9es de gala, Invictus Corporate Events vous propose des prestations \u00e0 la carte, un vrai service \u201ccl\u00e9 en main\u201d, quel qu\u2019en soit le lieu, ou l\u2019objet.\",\"breadcrumb\":{\"@id\":\"https:\\\/\\\/www.invictus-event.com\\\/site\\\/organisation-seminaires-congres-salons-galas\\\/#breadcrumb\"},\"inLanguage\":\"fr-FR\",\"potentialAction\":[{\"@type\":\"ReadAction\",\"target\":[\"https:\\\/\\\/www.invictus-event.com\\\/site\\\/organisation-seminaires-congres-salons-galas\\\/\"]}]},{\"@type\":\"BreadcrumbList\",\"@id\":\"https:\\\/\\\/www.invictus-event.com\\\/site\\\/organisation-seminaires-congres-salons-galas\\\/#breadcrumb\",\"itemListElement\":[{\"@type\":\"ListItem\",\"position\":1,\"name\":\"Accueil\",\"item\":\"https:\\\/\\\/www.invictus-event.com\\\/site\\\/\"},{\"@type\":\"ListItem\",\"position\":2,\"name\":\"S\u00e9minaires, Congr\u00e8s, Soir\u00e9es de Gala\"}]},{\"@type\":\"WebSite\",\"@id\":\"https:\\\/\\\/www.invictus-event.com\\\/site\\\/#website\",\"url\":\"https:\\\/\\\/www.invictus-event.com\\\/site\\\/\",\"name\":\"Invictus Corporate Events - Agence \u00e9v\u00e9nementielle \u00e0 Paris\",\"description\":\"Organisation d&#039;\u00e9v\u00e9nements\",\"potentialAction\":[{\"@type\":\"SearchAction\",\"target\":{\"@type\":\"EntryPoint\",\"urlTemplate\":\"https:\\\/\\\/www.invictus-event.com\\\/site\\\/?s={search_term_string}\"},\"query-input\":{\"@type\":\"PropertyValueSpecification\",\"valueRequired\":true,\"valueName\":\"search_term_string\"}}],\"inLanguage\":\"fr-FR\"}]}<\/script>\n<!-- \/ Yoast SEO plugin. -->","yoast_head_json":{"title":"Organisation S\u00e9minaires Paris, Congr\u00e8s, Soir\u00e9es de Gala, Salons","description":"Pour vos \u00e9v\u00e9nements d\u2019entreprises, s\u00e9minaires, congr\u00e8s, lancements de produits, inaugurations, soir\u00e9es de gala, Invictus Corporate Events vous propose des prestations \u00e0 la carte, un vrai service \u201ccl\u00e9 en main\u201d, quel qu\u2019en soit le lieu, ou l\u2019objet.","robots":{"index":"index","follow":"follow","max-snippet":"max-snippet:-1","max-image-preview":"max-image-preview:large","max-video-preview":"max-video-preview:-1"},"canonical":"https:\/\/www.invictus-event.com\/site\/organisation-seminaires-congres-salons-galas\/","og_locale":"fr_FR","og_type":"article","og_title":"Organisation S\u00e9minaires Paris, Congr\u00e8s, Soir\u00e9es de Gala, Salons","og_description":"Pour vos \u00e9v\u00e9nements d\u2019entreprises, s\u00e9minaires, congr\u00e8s, lancements de produits, inaugurations, soir\u00e9es de gala, Invictus Corporate Events vous propose des prestations \u00e0 la carte, un vrai service \u201ccl\u00e9 en main\u201d, quel qu\u2019en soit le lieu, ou l\u2019objet.","og_url":"https:\/\/www.invictus-event.com\/site\/organisation-seminaires-congres-salons-galas\/","og_site_name":"Invictus Corporate Events - Agence \u00e9v\u00e9nementielle \u00e0 Paris","article_modified_time":"2024-05-06T15:32:33+00:00","twitter_card":"summary_large_image","twitter_misc":{"Dur\u00e9e de lecture estim\u00e9e":"6 minutes"},"schema":{"@context":"https:\/\/schema.org","@graph":[{"@type":"WebPage","@id":"https:\/\/www.invictus-event.com\/site\/organisation-seminaires-congres-salons-galas\/","url":"https:\/\/www.invictus-event.com\/site\/organisation-seminaires-congres-salons-galas\/","name":"Organisation S\u00e9minaires Paris, Congr\u00e8s, Soir\u00e9es de Gala, Salons","isPartOf":{"@id":"https:\/\/www.invictus-event.com\/site\/#website"},"datePublished":"2018-02-23T09:14:33+00:00","dateModified":"2024-05-06T15:32:33+00:00","description":"Pour vos \u00e9v\u00e9nements d\u2019entreprises, s\u00e9minaires, congr\u00e8s, lancements de produits, inaugurations, soir\u00e9es de gala, Invictus Corporate Events vous propose des prestations \u00e0 la carte, un vrai service \u201ccl\u00e9 en main\u201d, quel qu\u2019en soit le lieu, ou l\u2019objet.","breadcrumb":{"@id":"https:\/\/www.invictus-event.com\/site\/organisation-seminaires-congres-salons-galas\/#breadcrumb"},"inLanguage":"fr-FR","potentialAction":[{"@type":"ReadAction","target":["https:\/\/www.invictus-event.com\/site\/organisation-seminaires-congres-salons-galas\/"]}]},{"@type":"BreadcrumbList","@id":"https:\/\/www.invictus-event.com\/site\/organisation-seminaires-congres-salons-galas\/#breadcrumb","itemListElement":[{"@type":"ListItem","position":1,"name":"Accueil","item":"https:\/\/www.invictus-event.com\/site\/"},{"@type":"ListItem","position":2,"name":"S\u00e9minaires, Congr\u00e8s, Soir\u00e9es de Gala"}]},{"@type":"WebSite","@id":"https:\/\/www.invictus-event.com\/site\/#website","url":"https:\/\/www.invictus-event.com\/site\/","name":"Invictus Corporate Events - Agence \u00e9v\u00e9nementielle \u00e0 Paris","description":"Organisation d&#039;\u00e9v\u00e9nements","potentialAction":[{"@type":"SearchAction","target":{"@type":"EntryPoint","urlTemplate":"https:\/\/www.invictus-event.com\/site\/?s={search_term_string}"},"query-input":{"@type":"PropertyValueSpecification","valueRequired":true,"valueName":"search_term_string"}}],"inLanguage":"fr-FR"}]}},"_links":{"self":[{"href":"https:\/\/www.invictus-event.com\/site\/wp-json\/wp\/v2\/pages\/100","targetHints":{"allow":["GET"]}}],"collection":[{"href":"https:\/\/www.invictus-event.com\/site\/wp-json\/wp\/v2\/pages"}],"about":[{"href":"https:\/\/www.invictus-event.com\/site\/wp-json\/wp\/v2\/types\/page"}],"author":[{"embeddable":true,"href":"https:\/\/www.invictus-event.com\/site\/wp-json\/wp\/v2\/users\/1"}],"replies":[{"embeddable":true,"href":"https:\/\/www.invictus-event.com\/site\/wp-json\/wp\/v2\/comments?post=100"}],"version-history":[{"count":73,"href":"https:\/\/www.invictus-event.com\/site\/wp-json\/wp\/v2\/pages\/100\/revisions"}],"predecessor-version":[{"id":2886,"href":"https:\/\/www.invictus-event.com\/site\/wp-json\/wp\/v2\/pages\/100\/revisions\/2886"}],"wp:attachment":[{"href":"https:\/\/www.invictus-event.com\/site\/wp-json\/wp\/v2\/media?parent=100"}],"curies":[{"name":"wp","href":"https:\/\/api.w.org\/{rel}","templated":true}]}}